{"id":4157,"date":"2026-03-03T06:00:00","date_gmt":"2026-03-03T06:00:00","guid":{"rendered":"https:\/\/spb-wordpress-001-gvcsekfkh8cxdcef.francecentral-01.azurewebsites.net\/?post_type=insight&#038;p=4157"},"modified":"2026-03-03T09:46:01","modified_gmt":"2026-03-03T09:46:01","slug":"index-egalite-professionnelle-2025","status":"publish","type":"insight","link":"https:\/\/www.spb.eu\/fr\/insight\/index-egalite-professionnelle-2025\/","title":{"rendered":"Index \u00e9galit\u00e9 professionnelle 2025"},"content":{"rendered":"<section class=\"block --hero-insight --bg-white align wp-block-acf-hero-insight --first --last\">\n    <div class=\"block__inner\">\n\n        <!-- Back Button -->\n        <div class=\"block__back\">\n            <a href=\"..\/\" class=\"block__back-link\">\n                <svg class=\"block__back-icon\" width=\"8\" height=\"12\" viewBox=\"0 0 8 12\" fill=\"none\" xmlns=\"http:\/\/www.w3.org\/2000\/svg\" aria-hidden=\"true\">\n                    <path d=\"M8 0L0 6L8 12V0Z\" fill=\"currentColor\"\/>\n                <\/svg>\n                <span class=\"block__back-text\">Back to overview<\/span>\n            <\/a>\n        <\/div>\n\n        <!-- Centered Content Section -->\n        <div class=\"block__content\">\n\n            <!-- Read Time + Date -->\n            <div class=\"block__meta\">\n                <span class=\"block__read-time\">5 minute read<\/span>\n                <span class=\"block__meta-separator\">\u2022<\/span>\n                <time class=\"block__date\" datetime=\"2026-03-03T06:00:00+00:00\">\n                    03\/03\/2026                <\/time>\n            <\/div>\n\n            <!-- Title (H1 in violet) -->\n            <h1 class=\"block__title\">\n                SPB France am\u00e9liore son index \u00e9galit\u00e9 professionnelle            <\/h1>\n\n            <!-- Pills: Category and Tags -->\n            <div class=\"block__pills\">\n                                    <a href=\"https:\/\/www.spb.eu\/fr\/insights\/?category=actualites\" class=\"block__pill --category\">\n                        Actualit\u00e9s                    <\/a>\n                \n                                                            <a href=\"https:\/\/www.spb.eu\/fr\/insights\/?tag=corporate\" class=\"block__pill --tag\">\n                            Corporate                        <\/a>\n                                            <a href=\"https:\/\/www.spb.eu\/fr\/insights\/?tag=france\" class=\"block__pill --tag\">\n                            France                        <\/a>\n                                                <\/div>\n\n            <!-- WYSIWYG Content -->\n                            <div class=\"block__article-content\">\n                    <p style=\"text-align: left\"><strong>SPB France confirme son engagement pour l\u2019\u00e9galit\u00e9 femmes-hommes avec un score de 89\/100 \u00e0 l\u2019index de l\u2019\u00e9galit\u00e9 professionnelle en 2025 (contre 84\/100 en 2024, et 79\/100 en 2023). Ce r\u00e9sultat refl\u00e8te nos efforts constants pour r\u00e9duire les in\u00e9galit\u00e9s salariales et favoriser un environnement de travail \u00e9quitable.<\/strong><\/p>\n<p style=\"text-align: left\">Les points cl\u00e9s de notre performance :<\/p>\n<ul style=\"text-align: left\">\n<li><strong>R\u00e9mun\u00e9ration :<\/strong>\u00a0Nous obtenons un score de 34\/40 sur l\u2019\u00e9cart de r\u00e9mun\u00e9ration entre femmes et hommes<\/li>\n<li><strong>Augmentations :<\/strong>\u00a0Un score de 20\/20 qui t\u00e9moigne de notre \u00e9quit\u00e9 en mati\u00e8re d\u2019augmentations individuelles<\/li>\n<li><strong>Promotions :<\/strong>\u00a010\/15 sur l\u2019\u00e9cart de taux de promotions<\/li>\n<li><strong>Maternit\u00e9 :<\/strong>\u00a015\/15 pour l\u2019augmentation des salari\u00e9es \u00e0 leur retour de cong\u00e9 maternit\u00e9<\/li>\n<li><strong>Hautes r\u00e9mun\u00e9rations :<\/strong>\u00a0Une parit\u00e9 exemplaire avec un score de 10\/10 parmi les 10 plus hautes r\u00e9mun\u00e9rations<\/li>\n<\/ul>\n<p style=\"text-align: left\">Chez SPB France, nous restons mobilis\u00e9s pour progresser et garantir l\u2019\u00e9galit\u00e9 des chances pour tous nos collaborateurs.<\/p>\n                <\/div>\n            \n        <\/div>\n\n    <\/div>\n<\/section>\n","protected":false},"excerpt":{"rendered":"","protected":false},"featured_media":4158,"template":"","meta":{"_acf_changed":true},"categories":[88],"tags":[102,95],"class_list":["post-4157","insight","type-insight","status-publish","has-post-thumbnail","hentry","category-actualites","tag-corporate","tag-france"],"acf":[],"yoast_head":"<!-- This site is optimized with the Yoast SEO plugin v26.9 - https:\/\/yoast.com\/product\/yoast-seo-wordpress\/ -->\n<title>Index \u00e9galit\u00e9 professionnelle 2025 : SPB France progresse<\/title>\n<meta name=\"description\" content=\"SPB France obtient 89\/100 \u00e0 l\u2019index \u00e9galit\u00e9 professionnelle 2025, confirmant sa progression et son engagement pour l\u2019\u00e9galit\u00e9 femmes-hommes.\" \/>\n<meta name=\"robots\" content=\"index, follow, max-snippet:-1, max-image-preview:large, max-video-preview:-1\" \/>\n<link rel=\"canonical\" href=\"https:\/\/www.spb.eu\/fr\/insight\/index-egalite-professionnelle-2025\/\" \/>\n<meta property=\"og:locale\" content=\"fr_FR\" \/>\n<meta property=\"og:type\" content=\"article\" \/>\n<meta property=\"og:title\" content=\"Index \u00e9galit\u00e9 professionnelle 2025 : SPB France progresse\" \/>\n<meta property=\"og:description\" content=\"SPB France obtient 89\/100 \u00e0 l\u2019index \u00e9galit\u00e9 professionnelle 2025, confirmant sa progression et son engagement pour l\u2019\u00e9galit\u00e9 femmes-hommes.\" \/>\n<meta property=\"og:url\" content=\"https:\/\/www.spb.eu\/fr\/insight\/index-egalite-professionnelle-2025\/\" \/>\n<meta property=\"og:site_name\" content=\"SPB Group - Embedded insurance Creating impact\" \/>\n<meta property=\"article:modified_time\" content=\"2026-03-03T09:46:01+00:00\" \/>\n<meta property=\"og:image\" content=\"https:\/\/www.spb.eu\/wp-content\/uploads\/2026\/03\/IndexEgalitePro-2025.png\" \/>\n\t<meta property=\"og:image:width\" content=\"780\" \/>\n\t<meta property=\"og:image:height\" content=\"360\" \/>\n\t<meta property=\"og:image:type\" content=\"image\/png\" \/>\n<meta name=\"twitter:card\" content=\"summary_large_image\" \/>\n<meta name=\"twitter:label1\" content=\"Dur\u00e9e de lecture estim\u00e9e\" \/>\n\t<meta name=\"twitter:data1\" content=\"1 minute\" \/>\n<script type=\"application\/ld+json\" class=\"yoast-schema-graph\">{\"@context\":\"https:\/\/schema.org\",\"@graph\":[{\"@type\":\"WebPage\",\"@id\":\"https:\/\/www.spb.eu\/fr\/insight\/index-egalite-professionnelle-2025\/\",\"url\":\"https:\/\/www.spb.eu\/fr\/insight\/index-egalite-professionnelle-2025\/\",\"name\":\"Index \u00e9galit\u00e9 professionnelle 2025 : SPB France progresse\",\"isPartOf\":{\"@id\":\"https:\/\/www.spb.eu\/fr\/#website\"},\"primaryImageOfPage\":{\"@id\":\"https:\/\/www.spb.eu\/fr\/insight\/index-egalite-professionnelle-2025\/#primaryimage\"},\"image\":{\"@id\":\"https:\/\/www.spb.eu\/fr\/insight\/index-egalite-professionnelle-2025\/#primaryimage\"},\"thumbnailUrl\":\"\/wp-content\/uploads\/2026\/03\/IndexEgalitePro-2025.png\",\"datePublished\":\"2026-03-03T06:00:00+00:00\",\"dateModified\":\"2026-03-03T09:46:01+00:00\",\"description\":\"SPB France obtient 89\/100 \u00e0 l\u2019index \u00e9galit\u00e9 professionnelle 2025, confirmant sa progression et son engagement pour l\u2019\u00e9galit\u00e9 femmes-hommes.\",\"breadcrumb\":{\"@id\":\"https:\/\/www.spb.eu\/fr\/insight\/index-egalite-professionnelle-2025\/#breadcrumb\"},\"inLanguage\":\"fr-FR\",\"potentialAction\":[{\"@type\":\"ReadAction\",\"target\":[\"https:\/\/www.spb.eu\/fr\/insight\/index-egalite-professionnelle-2025\/\"]}]},{\"@type\":\"ImageObject\",\"inLanguage\":\"fr-FR\",\"@id\":\"https:\/\/www.spb.eu\/fr\/insight\/index-egalite-professionnelle-2025\/#primaryimage\",\"url\":\"\/wp-content\/uploads\/2026\/03\/IndexEgalitePro-2025.png\",\"contentUrl\":\"\/wp-content\/uploads\/2026\/03\/IndexEgalitePro-2025.png\",\"width\":780,\"height\":360},{\"@type\":\"BreadcrumbList\",\"@id\":\"https:\/\/www.spb.eu\/fr\/insight\/index-egalite-professionnelle-2025\/#breadcrumb\",\"itemListElement\":[{\"@type\":\"ListItem\",\"position\":1,\"name\":\"Home\",\"item\":\"https:\/\/www.spb.eu\/fr\/\"},{\"@type\":\"ListItem\",\"position\":2,\"name\":\"Insights\",\"item\":\"https:\/\/www.spb.eu\/fr\/insights\/\"},{\"@type\":\"ListItem\",\"position\":3,\"name\":\"Index \u00e9galit\u00e9 professionnelle 2025\"}]},{\"@type\":\"WebSite\",\"@id\":\"https:\/\/www.spb.eu\/fr\/#website\",\"url\":\"https:\/\/www.spb.eu\/fr\/\",\"name\":\"SPB Group - Embedded insurance Creating impact\",\"description\":\"\",\"potentialAction\":[{\"@type\":\"SearchAction\",\"target\":{\"@type\":\"EntryPoint\",\"urlTemplate\":\"https:\/\/www.spb.eu\/fr\/?s={search_term_string}\"},\"query-input\":{\"@type\":\"PropertyValueSpecification\",\"valueRequired\":true,\"valueName\":\"search_term_string\"}}],\"inLanguage\":\"fr-FR\"}]}<\/script>\n<!-- \/ Yoast SEO plugin. -->","yoast_head_json":{"title":"Index \u00e9galit\u00e9 professionnelle 2025 : SPB France progresse","description":"SPB France obtient 89\/100 \u00e0 l\u2019index \u00e9galit\u00e9 professionnelle 2025, confirmant sa progression et son engagement pour l\u2019\u00e9galit\u00e9 femmes-hommes.","robots":{"index":"index","follow":"follow","max-snippet":"max-snippet:-1","max-image-preview":"max-image-preview:large","max-video-preview":"max-video-preview:-1"},"canonical":"https:\/\/www.spb.eu\/fr\/insight\/index-egalite-professionnelle-2025\/","og_locale":"fr_FR","og_type":"article","og_title":"Index \u00e9galit\u00e9 professionnelle 2025 : SPB France progresse","og_description":"SPB France obtient 89\/100 \u00e0 l\u2019index \u00e9galit\u00e9 professionnelle 2025, confirmant sa progression et son engagement pour l\u2019\u00e9galit\u00e9 femmes-hommes.","og_url":"https:\/\/www.spb.eu\/fr\/insight\/index-egalite-professionnelle-2025\/","og_site_name":"SPB Group - Embedded insurance Creating impact","article_modified_time":"2026-03-03T09:46:01+00:00","og_image":[{"width":780,"height":360,"url":"https:\/\/www.spb.eu\/wp-content\/uploads\/2026\/03\/IndexEgalitePro-2025.png","type":"image\/png"}],"twitter_card":"summary_large_image","twitter_misc":{"Dur\u00e9e de lecture estim\u00e9e":"1 minute"},"schema":{"@context":"https:\/\/schema.org","@graph":[{"@type":"WebPage","@id":"https:\/\/www.spb.eu\/fr\/insight\/index-egalite-professionnelle-2025\/","url":"https:\/\/www.spb.eu\/fr\/insight\/index-egalite-professionnelle-2025\/","name":"Index \u00e9galit\u00e9 professionnelle 2025 : SPB France progresse","isPartOf":{"@id":"https:\/\/www.spb.eu\/fr\/#website"},"primaryImageOfPage":{"@id":"https:\/\/www.spb.eu\/fr\/insight\/index-egalite-professionnelle-2025\/#primaryimage"},"image":{"@id":"https:\/\/www.spb.eu\/fr\/insight\/index-egalite-professionnelle-2025\/#primaryimage"},"thumbnailUrl":"\/wp-content\/uploads\/2026\/03\/IndexEgalitePro-2025.png","datePublished":"2026-03-03T06:00:00+00:00","dateModified":"2026-03-03T09:46:01+00:00","description":"SPB France obtient 89\/100 \u00e0 l\u2019index \u00e9galit\u00e9 professionnelle 2025, confirmant sa progression et son engagement pour l\u2019\u00e9galit\u00e9 femmes-hommes.","breadcrumb":{"@id":"https:\/\/www.spb.eu\/fr\/insight\/index-egalite-professionnelle-2025\/#breadcrumb"},"inLanguage":"fr-FR","potentialAction":[{"@type":"ReadAction","target":["https:\/\/www.spb.eu\/fr\/insight\/index-egalite-professionnelle-2025\/"]}]},{"@type":"ImageObject","inLanguage":"fr-FR","@id":"https:\/\/www.spb.eu\/fr\/insight\/index-egalite-professionnelle-2025\/#primaryimage","url":"\/wp-content\/uploads\/2026\/03\/IndexEgalitePro-2025.png","contentUrl":"\/wp-content\/uploads\/2026\/03\/IndexEgalitePro-2025.png","width":780,"height":360},{"@type":"BreadcrumbList","@id":"https:\/\/www.spb.eu\/fr\/insight\/index-egalite-professionnelle-2025\/#breadcrumb","itemListElement":[{"@type":"ListItem","position":1,"name":"Home","item":"https:\/\/www.spb.eu\/fr\/"},{"@type":"ListItem","position":2,"name":"Insights","item":"https:\/\/www.spb.eu\/fr\/insights\/"},{"@type":"ListItem","position":3,"name":"Index \u00e9galit\u00e9 professionnelle 2025"}]},{"@type":"WebSite","@id":"https:\/\/www.spb.eu\/fr\/#website","url":"https:\/\/www.spb.eu\/fr\/","name":"SPB Group - Embedded insurance Creating impact","description":"","potentialAction":[{"@type":"SearchAction","target":{"@type":"EntryPoint","urlTemplate":"https:\/\/www.spb.eu\/fr\/?s={search_term_string}"},"query-input":{"@type":"PropertyValueSpecification","valueRequired":true,"valueName":"search_term_string"}}],"inLanguage":"fr-FR"}]}},"_links":{"self":[{"href":"https:\/\/www.spb.eu\/fr\/wp-json\/wp\/v2\/insight\/4157","targetHints":{"allow":["GET"]}}],"collection":[{"href":"https:\/\/www.spb.eu\/fr\/wp-json\/wp\/v2\/insight"}],"about":[{"href":"https:\/\/www.spb.eu\/fr\/wp-json\/wp\/v2\/types\/insight"}],"wp:featuredmedia":[{"embeddable":true,"href":"https:\/\/www.spb.eu\/fr\/wp-json\/wp\/v2\/media\/4158"}],"wp:attachment":[{"href":"https:\/\/www.spb.eu\/fr\/wp-json\/wp\/v2\/media?parent=4157"}],"wp:term":[{"taxonomy":"category","embeddable":true,"href":"https:\/\/www.spb.eu\/fr\/wp-json\/wp\/v2\/categories?post=4157"},{"taxonomy":"post_tag","embeddable":true,"href":"https:\/\/www.spb.eu\/fr\/wp-json\/wp\/v2\/tags?post=4157"}],"curies":[{"name":"wp","href":"https:\/\/api.w.org\/{rel}","templated":true}]}}